{"id":15,"date":"2012-12-18T10:21:06","date_gmt":"2012-12-18T10:21:06","guid":{"rendered":"http:\/\/elenacuza.ro\/wp\/?page_id=15"},"modified":"2012-12-19T13:46:51","modified_gmt":"2012-12-19T13:46:51","slug":"istoric","status":"publish","type":"page","link":"http:\/\/elenacuza.ro\/?page_id=15","title":{"rendered":"Istoric"},"content":{"rendered":"<p style=\"text-align: justify;\">\u015ecoala \u00ee\u015fi are \u00eenceputurile \u00een anul 1833, ca pension de fete al lui Lazaro-Otetelisanu, nume sub care apare dup\u0103 cel al ctitorilor s\u0103i, fiind, ca vechime, prima \u015fcoal\u0103 de fete din Principatele Rom\u00e2ne. \u00cenfiin\u0163area acestui pension se leag\u0103 de amploarea pe care a luat-o dezvoltarea \u00eenv\u0103\u0163\u0103m\u00e2ntului na\u0163ional, \u00een capitala Olteniei, dup\u0103 adoptarea Regulamentului Organic. El a luat fiin\u0163\u0103 \u00eenaintea celorlalte institu\u0163ii cu profil asem\u0103n\u0103tor din Principatele Rom\u00e2ne. Ini\u0163iativa \u201eacestei scoli, pentru mai aleas\u0103 \u00eenv\u0103\u0163\u0103tur\u0103 a fetelor de boieri\u201d a izvor\u00e2t \u00een \u201emintea luminat\u0103 a vornicului Iordache Oteteli\u015fanu, mare patriot si iubitor de cultura national\u0103\u201d. Cu \u201efondurile sale, dar si cu ajutorul material al paharnicului Constantin Lazaro\u201d, care d\u0103ruie\u015fte \u015fcolii casele mo\u015ftenite de la so\u0163ia sa, Zoi\u0163a P\u00e2r\u015fcoveanca, a \u00eentemeiat \u201ePensionatul de fete Lazaro-Otetelisanu\u201d \u00een 1833.<\/p>\n<p>Aceast\u0103 \u015fcoal\u0103 urma \u201esa fie internat de fete, fiind numit\u0103 dup\u0103 modelul apusului \u201epensionat de fete\u201d. Elevele admise \u00een aceasta \u015fcoal\u0103 trebuiau s\u0103 \u015ftie \u201ea citi \u015fi scrie\u201d \u00eentr-o limba str\u0103ina.<\/p>\n<p style=\"text-align: justify;\">De altfel, \u00eencep\u00e2nd cu anul 1860, pensionatul de fete trece sub \u00eengrijirea statului, c\u00e2nd este pusa sub controlul si supravegherea unui Comitet, fapt hot\u0103r\u00e2t prin votul Camerei din 4 august 1860. \u00cen aceasta epoc\u0103, \u015fcoala a func\u0163ionat cu sase clase: patru inferioare si doua superioare. Dintr-un program de studii din 1861, se constata ca \u00een \u015fcoal\u0103 se predau urm\u0103toarele discipline: limba rom\u00e2na, religia, istoria, geografia, desenul, caligrafia, lucrul de m\u00e2na, \u015ftiin\u0163ele fizice, \u015ftiin\u0163ele naturale, cosmografia.<\/p>\n<p style=\"text-align: justify;\">Denumirea scolii este schimbata din nou \u00een 1883, c\u00e2n d devine \u201eInstitut pedagogic de fete\u201d, \u201edatorita scopului urmarit de autoritatea scolara de a crea absolvente care sa devina institutoare.\u201d Din 1891, i se adaug\u0103 \u201einstitutului si o scoala de aplica\u0163ie (\u015fcoala primara) care func\u0163iona pe l\u00e2ng\u0103 aceasta pe baza unei programe speciale \u00een virtutea ordinelor ministeriale din acest an\u201d. Devenind, dup\u0103 1860, o \u015fcoal\u0103 de stat, tendin\u0163a era, dup\u0103 aceasta dat\u0103, aceea a unei dezvolt\u0103ri c\u00e2t mai mari a \u00eenv\u0103\u0163\u0103m\u00e2ntului secundar de fete, dar \u015fi a preg\u0103tirii unor elemente de valoare pentru \u00eenv\u0103\u0163\u0103m\u00e2ntul primar.<\/p>\n<p style=\"text-align: justify;\">\u00cencep\u00e2nd cu anul 1959, institu\u0163ia ia numele de \u015ecoala medie nr. 3, p\u00e2n\u0103 \u00een anul 1966, perioada c\u00e2nd aceasta devine mixt\u0103, cuprinz\u00e2nd pentru prima data, pe b\u0103ncile sale pe l\u00e2nga fete, \u015fi baie\u0163i. \u00cen perioada 1966-1976, \u015fcoala ia numele de \u201eLiceul nr. 3\u201d si apoi, \u00een perioada 1977-1989, va lua numele de \u201eLiceul de Filologie-Istorie\u201d. \u00cen anul 1990 \u015fcoala revine la denumirea tradi\u0163ional\u0103 de \u201eLiceul Elena Cuza\u201d, iar din anul 1998, i se atribuie denumirea de \u201eColegiul Na\u0163ional Elena Cuza\u201d.<\/p>\n<p style=\"text-align: justify;\">De-a lungul existen\u0163ei sale, \u015fcoala a avut ca principal obiectiv \u00eenv\u0103\u0163area unei limbi str\u0103ine pentru cursan\u0163ii s\u0103i, cu prec\u0103dere p\u00e2n\u0103 \u00een 1944 \u015fi \u00een perioada 1970-1975 c\u00e2nd toate disciplinele erau predate \u00een limba francez\u0103.<\/p>\n<p style=\"text-align: justify;\">Specificul \u015fcolii s-a p\u0103strat \u015fi \u00een ultimii ani, func\u0163ion\u00e2nd permanent clase de filologie-bilingv limb\u0103 str\u0103in\u0103 (francez\u0103, englez\u0103, german\u0103 \u015fi spaniol\u0103). De asemenea, \u00een ultimii ani au predat la clasele respective lectori str\u0103ini, vorbitori nativi ai limbii respective, care au venit prin diferite programe europene ini\u0163iate de \u015fcoal\u0103.<\/p>\n","protected":false},"excerpt":{"rendered":"<p>\u015ecoala \u00ee\u015fi are \u00eenceputurile \u00een anul 1833, ca pension de fete al lui Lazaro-Otetelisanu, nume sub care apare dup\u0103 cel al ctitorilor s\u0103i, fiind, ca vechime, prima \u015fcoal\u0103 de fete din Principatele Rom\u00e2ne. \u00cenfiin\u0163area acestui pension se leag\u0103 de amploarea pe care a luat-o dezvoltarea \u00eenv\u0103\u0163\u0103m\u00e2ntului na\u0163ional, \u00een capitala Olteniei, [&hellip;]<\/p>\n","protected":false},"author":1,"featured_media":0,"parent":0,"menu_order":0,"comment_status":"closed","ping_status":"closed","template":"template-full-width.php","meta":[],"_links":{"self":[{"href":"http:\/\/elenacuza.ro\/index.php?rest_route=\/wp\/v2\/pages\/15"}],"collection":[{"href":"http:\/\/elenacuza.ro\/index.php?rest_route=\/wp\/v2\/pages"}],"about":[{"href":"http:\/\/elenacuza.ro\/index.php?rest_route=\/wp\/v2\/types\/page"}],"author":[{"embeddable":true,"href":"http:\/\/elenacuza.ro\/index.php?rest_route=\/wp\/v2\/users\/1"}],"replies":[{"embeddable":true,"href":"http:\/\/elenacuza.ro\/index.php?rest_route=%2Fwp%2Fv2%2Fcomments&post=15"}],"version-history":[{"count":2,"href":"http:\/\/elenacuza.ro\/index.php?rest_route=\/wp\/v2\/pages\/15\/revisions"}],"predecessor-version":[{"id":135,"href":"http:\/\/elenacuza.ro\/index.php?rest_route=\/wp\/v2\/pages\/15\/revisions\/135"}],"wp:attachment":[{"href":"http:\/\/elenacuza.ro\/index.php?rest_route=%2Fwp%2Fv2%2Fmedia&parent=15"}],"curies":[{"name":"wp","href":"https:\/\/api.w.org\/{rel}","templated":true}]}}